{"id":45003,"date":"2022-11-12T08:44:02","date_gmt":"2022-11-12T08:44:02","guid":{"rendered":"https:\/\/www.basquemtb.com\/ferienbuchungskalender\/"},"modified":"2026-03-26T14:40:42","modified_gmt":"2026-03-26T14:40:42","slug":"holiday-booking-calendar","status":"publish","type":"page","link":"https:\/\/www.basquemtb.com\/es\/calendario-de-reservas-de-vacaciones\/","title":{"rendered":"Calendario de reservas de vacaciones"},"content":{"rendered":"<p>Aqu\u00ed puedes encontrar una lista de todas las vacaciones que estamos ejecutando en la temporada de ciclismo de monta\u00f1a 2024. Si tienes un grupo podemos hablar de ofrecer un viaje personalizado en cualquier semana que te interese. <\/p>\n\n\n\n<p>Por favor, tenga en cuenta que intentamos mantener esta p\u00e1gina actualizada, pero puede ser dif\u00edcil ya que estamos organizando nuestras vacaciones a menudo. Por favor, env\u00edenos un correo electr\u00f3nico y siempre podemos darle hasta la fecha la disponibilidad. <\/p>\n\n\n\n<div class=\"wp-block-group\"><div class=\"wp-block-group__inner-container is-layout-constrained wp-block-group-is-layout-constrained\">\n<figure class=\"wp-block-table is-style-regular\"><table><thead><tr><th>Vacaciones<\/th><th>Inicio<\/th><th>Lugares<\/th><th class=\"has-text-align-center\" data-align=\"center\"><\/th><\/tr><\/thead><tbody><tr><td><strong><mark style=\"background-color:rgba(0, 0, 0, 0)\" class=\"has-inline-color has-vivid-red-color\">2026<\/mark><\/strong> Viajes ahora disponibles<\/td><td><\/td><td><\/td><td class=\"has-text-align-center\" data-align=\"center\"><\/td><\/tr><tr><td><a href=\"\/es\/vacaciones-en-bicicleta-de-montana\/super-tremp-mountain-bike-tour\/\"><\/a><a href=\"\/es\/vacaciones-en-bicicleta-de-montana\/super-tremp-mountain-bike-tour\/\">Ainsa contra Tremp Supertour<\/a><\/td><td>11 de abril de 2026<\/td><td>3<\/td><td class=\"has-text-align-center\" data-align=\"center\"><a href=\"\/es\/vacaciones-en-bicicleta-de-montana\/super-tremp-mountain-bike-tour\/\">+ detalles<\/a><\/td><\/tr><tr><td><a href=\"\/es\/vacaciones-en-bicicleta-de-montana\/super-tremp-mountain-bike-tour\/\"><\/a><a href=\"\/es\/vacaciones-en-bicicleta-de-montana\/super-tremp-mountain-bike-tour\/\"><s>Ainsa contra Tremp Supertour<\/s><\/a><\/td><td>18 de abril de 2026<\/td><td><s>Completo<\/s><\/td><td class=\"has-text-align-center\" data-align=\"center\"><a href=\"\/es\/vacaciones-en-bicicleta-de-montana\/super-tremp-mountain-bike-tour\/\">+ detalles<\/a><\/td><\/tr><tr><td><a href=\"\/es\/vacaciones-en-bicicleta-de-montana\/super-tremp-mountain-bike-tour\/\">Ainsa Enduro<\/a><\/td><td>25 de abril de 2026<\/td><td><s>Completo<\/s><\/td><td class=\"has-text-align-center\" data-align=\"center\"><a href=\"\/es\/vacaciones-en-bicicleta-de-montana\/ainsa-enduro-vacaciones-en-bicicleta-de-montana\/\">+ detalles<\/a><\/td><\/tr><tr><td><a href=\"https:\/\/www.basquemtb.com\/es\/vacaciones-en-bicicleta-de-montana\/vacaciones-en-bicicleta-de-montana-por-los-pirineos\/\">Pirineos de monta\u00f1a<\/a><\/td><td>2 de mayo de 2026<\/td><td>2<\/td><td class=\"has-text-align-center\" data-align=\"center\"><a href=\"https:\/\/www.basquemtb.com\/es\/vacaciones-en-bicicleta-de-montana\/vacaciones-en-bicicleta-de-montana-por-los-pirineos\/\" data-type=\"link\" data-id=\"https:\/\/www.basquemtb.com\/mountain-bike-holidays\/backcountry-pyrenees-mountain-bike-holiday\/\">+ detalles<\/a><\/td><\/tr><tr><td><a href=\"https:\/\/www.basquemtb.com\/es\/vacaciones-en-bicicleta-de-montana\/vacaciones-en-bicicleta-de-montana-por-los-pirineos\/\">Pirineos de monta\u00f1a<\/a><\/td><td>9 de mayo de 2026<\/td><td>1<\/td><td class=\"has-text-align-center\" data-align=\"center\"><a href=\"\/es\/vacaciones-en-bicicleta-de-montana\/super-tremp-mountain-bike-tour\/\"><\/a><a href=\"https:\/\/www.basquemtb.com\/es\/vacaciones-en-bicicleta-de-montana\/vacaciones-en-bicicleta-de-montana-por-los-pirineos\/\" data-type=\"link\" data-id=\"https:\/\/www.basquemtb.com\/mountain-bike-holidays\/backcountry-pyrenees-mountain-bike-holiday\/\">+ detalles<\/a><\/td><\/tr><tr><td><a href=\"https:\/\/www.basquemtb.com\/es\/vacaciones-en-bicicleta-de-montana\/vacaciones-en-bicicleta-de-montana-por-los-pirineos\/\"><s>Pirineos de monta\u00f1a<\/s><\/a><\/td><td><s>16 de mayo de 2026<\/s><\/td><td><s>Completo<\/s><\/td><td class=\"has-text-align-center\" data-align=\"center\"><a href=\"\/es\/vacaciones-en-bicicleta-de-montana\/super-tremp-mountain-bike-tour\/\"><\/a><a href=\"https:\/\/www.basquemtb.com\/es\/vacaciones-en-bicicleta-de-montana\/vacaciones-en-bicicleta-de-montana-por-los-pirineos\/\" data-type=\"link\" data-id=\"https:\/\/www.basquemtb.com\/mountain-bike-holidays\/backcountry-pyrenees-mountain-bike-holiday\/\"><s>+ detalles<\/s><\/a><\/td><\/tr><tr><td><a href=\"https:\/\/www.basquemtb.com\/es\/vacaciones-en-bicicleta-de-montana\/vacaciones-en-bicicleta-de-montana-por-los-pirineos\/\"><s>Pirineos de monta\u00f1a<\/s><\/a><\/td><td><s>23 de mayo de 2026<\/s><\/td><td><s>Completo<\/s><\/td><td class=\"has-text-align-center\" data-align=\"center\"><a href=\"https:\/\/www.basquemtb.com\/es\/vacaciones-en-bicicleta-de-montana\/vacaciones-en-bicicleta-de-montana-por-los-pirineos\/\" data-type=\"link\" data-id=\"https:\/\/www.basquemtb.com\/mountain-bike-holidays\/backcountry-pyrenees-mountain-bike-holiday\/\"><s>+ detalles<\/s><\/a><\/td><\/tr><tr><td><a href=\"\/es\/vacaciones-en-bicicleta-de-montana\/vacaciones-en-bicicleta-de-montana-en-espana\/\"><s>Costa Vasca<\/s><\/a><\/td><td><s>30 de mayo de 2026<\/s><\/td><td><s>Completo<\/s><\/td><td class=\"has-text-align-center\" data-align=\"center\"><a href=\"\/es\/vacaciones-en-bicicleta-de-montana\/vacaciones-en-bicicleta-de-montana-en-espana\/\"><s>+ detalles<\/s><\/a><\/td><\/tr><tr><td><a href=\"\/es\/vacaciones-en-bicicleta-de-montana\/vacaciones-en-bicicleta-de-montana-en-espana\/\"><s>Costa Vasca<\/s><\/a><\/td><td><s>6 de junio de 2026<\/s><\/td><td><s>Completo<\/s><\/td><td class=\"has-text-align-center\" data-align=\"center\"><a href=\"\/es\/vacaciones-en-bicicleta-de-montana\/vacaciones-en-bicicleta-de-montana-en-espana\/\">+ detalles<\/a><\/td><\/tr><tr><td><a href=\"\/es\/vacaciones-en-bicicleta-de-montana\/vacaciones-en-bicicleta-de-montana-en-espana\/\">Costa Vasca<\/a><\/td><td>13 de junio de 2026<\/td><td>11<\/td><td class=\"has-text-align-center\" data-align=\"center\"><a href=\"\/es\/vacaciones-en-bicicleta-de-montana\/vacaciones-en-bicicleta-de-montana-en-espana\/\">+ detalles<\/a><\/td><\/tr><tr><td><a href=\"\/es\/vacaciones-en-bicicleta-de-montana\/vacaciones-en-bicicleta-de-montana-en-espana\/\">Costa Vasca<\/a><\/td><td>20 de junio de 2026<\/td><td>14<\/td><td class=\"has-text-align-center\" data-align=\"center\"><a href=\"\/es\/vacaciones-en-bicicleta-de-montana\/vacaciones-en-bicicleta-de-montana-en-espana\/\">+ detalles<\/a><\/td><\/tr><tr><td><a href=\"\/es\/vacaciones-en-bicicleta-de-montana\/vacaciones-en-bicicleta-de-montana-en-espana\/\">Costa Vasca<\/a><\/td><td>27 de junio de 2026<\/td><td>14<\/td><td class=\"has-text-align-center\" data-align=\"center\"><a href=\"\/es\/vacaciones-en-bicicleta-de-montana\/vacaciones-en-bicicleta-de-montana-en-espana\/\">+ detalles<\/a><\/td><\/tr><tr><td><a href=\"https:\/\/www.basquemtb.com\/es\/vacaciones-en-bicicleta-de-montana\/odisea-pirineos-mtb\/\">Odisea de los Pirineos<\/a><\/td><td>4 de julio de 2026<\/td><td>4<\/td><td class=\"has-text-align-center\" data-align=\"center\"><a href=\"https:\/\/www.basquemtb.com\/es\/vacaciones-en-bicicleta-de-montana\/odisea-pirineos-mtb\/\">+ detalles<\/a><\/td><\/tr><tr><td><a href=\"\/es\/vacaciones-en-bicicleta-de-montana\/vacaciones-en-bicicleta-de-montana-en-los-altos-pirineos\/\">Especial Verano Pirineos Altos<\/a><\/td><td>18 de julio de 2026<\/td><td>14<\/td><td class=\"has-text-align-center\" data-align=\"center\"><a href=\"\/es\/vacaciones-en-bicicleta-de-montana\/vacaciones-en-bicicleta-de-montana-en-los-altos-pirineos\/\" data-type=\"page\" data-id=\"15391\">+ detalles<\/a><\/td><\/tr><tr><td><a href=\"\/es\/vacaciones-en-bicicleta-de-montana\/vacaciones-en-bicicleta-de-montana-en-los-altos-pirineos\/\"><\/a><a href=\"\/es\/vacaciones-en-bicicleta-de-montana\/vacaciones-en-bicicleta-de-montana-en-espana\/\">Costa Vasca<\/a><\/td><td>25 de julio de 2026<\/td><td>14<\/td><td class=\"has-text-align-center\" data-align=\"center\"><a href=\"\/es\/vacaciones-en-bicicleta-de-montana\/vacaciones-en-bicicleta-de-montana-en-los-altos-pirineos\/\" data-type=\"page\" data-id=\"15391\"><\/a><a href=\"\/es\/vacaciones-en-bicicleta-de-montana\/vacaciones-en-bicicleta-de-montana-en-espana\/\">+ detalles<\/a><\/td><\/tr><tr><td><a href=\"\/es\/vacaciones-en-bicicleta-de-montana\/vacaciones-en-bicicleta-de-montana-en-espana\/\">Costa Vasca<\/a><\/td><td>29 de agosto de 2026<\/td><td>12<\/td><td class=\"has-text-align-center\" data-align=\"center\"><a href=\"\/es\/vacaciones-en-bicicleta-de-montana\/vacaciones-en-bicicleta-de-montana-en-espana\/\">+ detalles<\/a><\/td><\/tr><tr><td><a href=\"\/es\/vacaciones-en-bicicleta-de-montana\/vacaciones-en-bicicleta-de-montana-en-espana\/\"><s>Costa Vasca<\/s><\/a><\/td><td><s>5 de septiembre de 2026<\/s><\/td><td>Completo<\/td><td class=\"has-text-align-center\" data-align=\"center\"><a href=\"\/es\/vacaciones-en-bicicleta-de-montana\/vacaciones-en-bicicleta-de-montana-en-los-altos-pirineos\/\" data-type=\"page\" data-id=\"15391\"><\/a><a href=\"\/es\/vacaciones-en-bicicleta-de-montana\/vacaciones-en-bicicleta-de-montana-en-espana\/\"><s>+ detalles<\/s><\/a><\/td><\/tr><tr><td><a href=\"\/es\/vacaciones-en-bicicleta-de-montana\/vacaciones-en-bicicleta-de-montana-en-los-altos-pirineos\/\">Altos Pirineos<\/a><\/td><td>12 de septiembre de 2026<\/td><td>10<\/td><td class=\"has-text-align-center\" data-align=\"center\"><a href=\"\/es\/vacaciones-en-bicicleta-de-montana\/vacaciones-en-bicicleta-de-montana-en-los-altos-pirineos\/\" data-type=\"page\" data-id=\"15391\">+ detalles<\/a><\/td><\/tr><tr><td><a href=\"\/es\/vacaciones-en-bicicleta-de-montana\/vacaciones-en-bicicleta-de-montana-en-los-altos-pirineos\/\">Altos Pirineos<\/a><\/td><td>19 de septiembre de 2026<\/td><td>3<\/td><td class=\"has-text-align-center\" data-align=\"center\"><a href=\"\/es\/vacaciones-en-bicicleta-de-montana\/vacaciones-en-bicicleta-de-montana-en-los-altos-pirineos\/\" data-type=\"page\" data-id=\"15391\">+ detalles<\/a><\/td><\/tr><tr><td><a href=\"\/es\/vacaciones-en-bicicleta-de-montana\/vacaciones-en-bicicleta-de-montana-en-los-altos-pirineos\/\"><s>Altos Pirineos<\/s><\/a><\/td><td><s>26 de septiembre de 2026<\/s><\/td><td>Completo<\/td><td class=\"has-text-align-center\" data-align=\"center\"><a href=\"\/es\/vacaciones-en-bicicleta-de-montana\/vacaciones-en-bicicleta-de-montana-en-los-altos-pirineos\/\" data-type=\"page\" data-id=\"15391\"><s>+ detalles<\/s><\/a><\/td><\/tr><tr><td><a href=\"\/es\/vacaciones-en-bicicleta-de-montana\/vacaciones-en-bicicleta-de-montana-en-los-altos-pirineos\/\">Altos Pirineos<\/a><\/td><td><s>3 de octubre de 2026<\/s><\/td><td>Completo<\/td><td class=\"has-text-align-center\" data-align=\"center\"><a href=\"\/es\/vacaciones-en-bicicleta-de-montana\/vacaciones-en-bicicleta-de-montana-en-los-altos-pirineos\/\" data-type=\"page\" data-id=\"15391\"><s>+ detalles<\/s><\/a><\/td><\/tr><tr><td><a href=\"\/es\/vacaciones-en-bicicleta-de-montana\/vacaciones-en-bicicleta-de-montana-en-los-altos-pirineos\/\">Altos Pirineos<\/a><\/td><td>10 de octubre de 2026<\/td><td>5<\/td><td class=\"has-text-align-center\" data-align=\"center\"><a href=\"\/es\/vacaciones-en-bicicleta-de-montana\/vacaciones-en-bicicleta-de-montana-en-los-altos-pirineos\/\" data-type=\"page\" data-id=\"15391\">+ detalles<\/a><\/td><\/tr><tr><td><a href=\"\/es\/vacaciones-en-bicicleta-de-montana\/vacaciones-en-bicicleta-de-montana-en-los-altos-pirineos\/\">Altos Pirineos<\/a><\/td><td>17 de octubre de 2026<\/td><td>12<\/td><td class=\"has-text-align-center\" data-align=\"center\"><a href=\"\/es\/vacaciones-en-bicicleta-de-montana\/vacaciones-en-bicicleta-de-montana-en-los-altos-pirineos\/\" data-type=\"page\" data-id=\"15391\">+ detalles<\/a><\/td><\/tr><tr><td><a href=\"\/es\/vacaciones-en-bicicleta-de-montana\/vacaciones-en-bicicleta-de-montana-en-los-altos-pirineos\/\">Altos Pirineos<\/a><\/td><td>24 de octubre de 2026<\/td><td>6<\/td><td class=\"has-text-align-center\" data-align=\"center\"><a href=\"\/es\/vacaciones-en-bicicleta-de-montana\/vacaciones-en-bicicleta-de-montana-en-los-altos-pirineos\/\" data-type=\"page\" data-id=\"15391\">+ detalles<\/a><\/td><\/tr><tr><td><a href=\"\/es\/vacaciones-en-bicicleta-de-montana\/vacaciones-en-bicicleta-de-montana-en-los-altos-pirineos\/\">Altos Pirineos<\/a><\/td><td><s>31 de octubre de 2026<\/s><\/td><td>Completo<\/td><td class=\"has-text-align-center\" data-align=\"center\"><a href=\"\/es\/vacaciones-en-bicicleta-de-montana\/vacaciones-en-bicicleta-de-montana-en-los-altos-pirineos\/\" data-type=\"page\" data-id=\"15391\"><s>+ detalles<\/s><\/a><\/td><\/tr><tr><td><a href=\"\/es\/vacaciones-en-bicicleta-de-montana\/super-tremp-mountain-bike-tour\/\">Ainsa contra Tremp Supertour<\/a><\/td><td>6 de noviembre de 2026<\/td><td>12<\/td><td class=\"has-text-align-center\" data-align=\"center\"><a href=\"\/es\/vacaciones-en-bicicleta-de-montana\/vacaciones-en-bicicleta-de-montana-en-los-altos-pirineos\/\" data-type=\"page\" data-id=\"15391\">+ detalles<\/a><\/td><\/tr><tr><td><a href=\"\/es\/vacaciones-en-bicicleta-de-montana\/super-tremp-mountain-bike-tour\/\">Ainsa contra Tremp Supertour<\/a><\/td><td>13 de noviembre de 2026<\/td><td>14<\/td><td class=\"has-text-align-center\" data-align=\"center\"><a href=\"\/es\/vacaciones-en-bicicleta-de-montana\/vacaciones-en-bicicleta-de-montana-en-los-altos-pirineos\/\" data-type=\"page\" data-id=\"15391\">+ detalles<\/a><\/td><\/tr><tr><td><a href=\"\/es\/vacaciones-en-bicicleta-de-montana\/super-tremp-mountain-bike-tour\/\">Ainsa contra Tremp Supertour<\/a><\/td><td>20 de noviembre de 2026<\/td><td>14<\/td><td class=\"has-text-align-center\" data-align=\"center\"><a href=\"\/es\/vacaciones-en-bicicleta-de-montana\/vacaciones-en-bicicleta-de-montana-en-los-altos-pirineos\/\" data-type=\"page\" data-id=\"15391\">+ detalles<\/a><\/td><\/tr><\/tbody><\/table><\/figure>\n<\/div><\/div>\n\n\n\n<div style=\"height:25px\" aria-hidden=\"true\" class=\"wp-block-spacer\"><\/div>\n\n\n\n<div>\n        <a href=\"https:\/\/www.basquemtb.com\/de\/buchen\/urlaubs-buchungsformular\/\" class=\"secondary-outline-cta-button\">Reserve ahora<\/a>\n    <\/div>\n\n\n\n<div style=\"height:25px\" aria-hidden=\"true\" class=\"wp-block-spacer\"><\/div>","protected":false},"excerpt":{"rendered":"<p>Aqu\u00ed puedes encontrar una lista de todas las vacaciones que ofrecemos en la temporada de ciclismo de monta\u00f1a de 2024. Si tienes un grupo, podemos hablar de ofrecer un viaje personalizado en cualquier semana que te interese. Ten en cuenta que intentamos mantener esta p\u00e1gina actualizada, pero puede ser dif\u00edcil ya que [\u2026]<\/p>","protected":false},"author":1,"featured_media":41402,"parent":0,"menu_order":0,"comment_status":"closed","ping_status":"closed","template":"","meta":{"_monsterinsights_skip_tracking":false,"_monsterinsights_sitenote_active":false,"_monsterinsights_sitenote_note":"","_monsterinsights_sitenote_category":0,"footnotes":""},"categories":[],"tags":[],"class_list":["post-45003","page","type-page","status-publish","has-post-thumbnail","hentry"],"featured_image_src":"https:\/\/www.basquemtb.com\/wp-content\/uploads\/pyrenees-mountain-bike-holidays-600x400.jpg","featured_image_src_square":"https:\/\/www.basquemtb.com\/wp-content\/uploads\/pyrenees-mountain-bike-holidays-600x600.jpg","_links":{"self":[{"href":"https:\/\/www.basquemtb.com\/es\/wp-json\/wp\/v2\/pages\/45003","targetHints":{"allow":["GET"]}}],"collection":[{"href":"https:\/\/www.basquemtb.com\/es\/wp-json\/wp\/v2\/pages"}],"about":[{"href":"https:\/\/www.basquemtb.com\/es\/wp-json\/wp\/v2\/types\/page"}],"author":[{"embeddable":true,"href":"https:\/\/www.basquemtb.com\/es\/wp-json\/wp\/v2\/users\/1"}],"replies":[{"embeddable":true,"href":"https:\/\/www.basquemtb.com\/es\/wp-json\/wp\/v2\/comments?post=45003"}],"version-history":[{"count":0,"href":"https:\/\/www.basquemtb.com\/es\/wp-json\/wp\/v2\/pages\/45003\/revisions"}],"wp:featuredmedia":[{"embeddable":true,"href":"https:\/\/www.basquemtb.com\/es\/wp-json\/wp\/v2\/media\/41402"}],"wp:attachment":[{"href":"https:\/\/www.basquemtb.com\/es\/wp-json\/wp\/v2\/media?parent=45003"}],"wp:term":[{"taxonomy":"category","embeddable":true,"href":"https:\/\/www.basquemtb.com\/es\/wp-json\/wp\/v2\/categories?post=45003"},{"taxonomy":"post_tag","embeddable":true,"href":"https:\/\/www.basquemtb.com\/es\/wp-json\/wp\/v2\/tags?post=45003"}],"curies":[{"name":"wp","href":"https:\/\/api.w.org\/{rel}","templated":true}]}}